{"id":115,"date":"2024-08-08T23:49:07","date_gmt":"2024-08-08T21:49:07","guid":{"rendered":"https:\/\/www.onevestfastigheter.se\/?page_id=115"},"modified":"2024-09-30T00:28:09","modified_gmt":"2024-09-29T22:28:09","slug":"boboken","status":"publish","type":"page","link":"https:\/\/www.onevestfastigheter.se\/?page_id=115","title":{"rendered":"BoBoken"},"content":{"rendered":"\n<p><\/p>\n\n\n<p>[et_pb_section fb_built=&#8221;1&#8243; _builder_version=&#8221;3.19.9&#8243; background_image=&#8221;http:\/\/www.onevestfastigheter.se\/wp-content\/uploads\/2020\/02\/Onevest.jpg&#8221; custom_padding=&#8221;74px|0px|270px|0px|false|false&#8221;][et_pb_row custom_padding=&#8221;0|0px|28px|0px|false|false&#8221; _builder_version=&#8221;3.19.9&#8243;][et_pb_column type=&#8221;4_4&#8243; _builder_version=&#8221;3.19.9&#8243; parallax=&#8221;off&#8221; parallax_method=&#8221;on&#8221;][et_pb_text _builder_version=&#8221;3.19.9&#8243; text_font=&#8221;Playfair Display|700|||||||&#8221; text_text_color=&#8221;#ffffff&#8221; text_font_size=&#8221;50px&#8221; text_letter_spacing=&#8221;2px&#8221; text_line_height=&#8221;1.2em&#8221; text_text_shadow_style=&#8221;preset1&#8243; text_text_shadow_color=&#8221;rgba(0,0,0,0.56)&#8221;]<\/p>\n<p style=\"text-align: center;\">24 nya hyresr\u00e4tter<br \/>\ni Tr\u00e4dg\u00e5rdsstaden Sk\u00f6vde<\/p>\n<p style=\"text-align: center;\">V\u00e4lkommen hem!<\/p>\n<p>[\/et_pb_text][\/et_pb_column][\/et_pb_row][\/et_pb_section]<\/p>\n\n\n\n<div class=\"is-vertical is-content-justification-center is-layout-flex wp-container-1 wp-block-group\">\n<p><\/p>\n\n\n\n<h1 class=\"has-text-align-center\"><strong><mark style=\"background-color:rgba(0, 0, 0, 0)\" class=\"has-inline-color has-black-color\"><em>BoBoken<\/em><\/mark><\/strong><\/h1>\n\n\n\n<p class=\"has-text-align-center\">H\u00e4r hittar du som \u00e4r hyresg\u00e4st hos oss information som \u00e4r bra f\u00f6r dig att k\u00e4nna till.<br><br><\/p>\n\n\n\n<p><\/p>\n<\/div>\n\n\n\n<div class=\"is-vertical is-content-justification-center is-layout-flex wp-container-2 wp-block-group\">\n<h3 class=\"has-text-align-center\"><strong><em>Adress\u00e4ndring<\/em><\/strong><\/h3>\n\n\n\n<p class=\"has-text-align-center\">Enligt folkbokf\u00f6ringslagen \u00e4r det krav p\u00e5 att vara folkbokf\u00f6rd p\u00e5 den adress man bor stadigvarande. Det \u00e4r d\u00e4rf\u00f6r mycket viktigt att du \u00e4ndra folkbokf\u00f6ringsadress hos Skatteverket vilket du g\u00f6r p\u00e5&nbsp;<a href=\"http:\/\/www.skatteverket.se\/\" rel=\"noreferrer noopener\" target=\"_blank\">www.skatteverket.se<\/a><\/p>\n\n\n\n<p class=\"has-text-align-center\">F\u00f6r att inte riskera att missa viktig post kan du anm\u00e4la den nya adressen till&nbsp;<a rel=\"noreferrer noopener\" href=\"http:\/\/www.xn--adressndring-lcb.se\/\" target=\"_blank\">www.adress\u00e4ndring.se<\/a>&nbsp;och f\u00e5 efters\u00e4ndning p\u00e5 posten.&nbsp;<br><br><\/p>\n\n\n<div class=\"has-text-align-center wp-block-post-date\"><time datetime=\"2024-09-30T00:28:09+02:00\">30 september, 2024<\/time><\/div>\n\n\n<div style=\"height:65px\" aria-hidden=\"true\" class=\"wp-block-spacer\"><\/div>\n<\/div>\n\n\n\n<div class=\"is-vertical is-content-justification-center is-layout-flex wp-container-3 wp-block-group\">\n<h3 class=\"has-text-align-center\"><strong><em>Avfall<\/em><\/strong><\/h3>\n\n\n\n<p class=\"has-text-align-center\">Onevest AB tillhandah\u00e5ller normalt k\u00e4rl f\u00f6r hush\u00e5llsavfall.<\/p>\n\n\n\n<p class=\"has-text-align-center\">I Sk\u00f6vde Kommun skall matavfall l\u00e4ggas i en s\u00e4rskild pappersp\u00e5se och sedan i ett det bruna k\u00e4rlet. <br>N\u00e4r pappersp\u00e5sarna b\u00f6rjar ta slut kan du s\u00e4tta en tom p\u00e5se i tunnan innan t\u00f6mning s\u00e5 kommer Avfall &amp; \u00c5tervinning l\u00e4mnat ett nytt paket i samband med att de t\u00f6mmer. <br>Alternativt kan nya p\u00e5sar h\u00e4mtas p\u00e5 Ris\u00e4ngens \u00c5tervinningscentral.<\/p>\n\n\n\n<p class=\"has-text-align-center\">Nedan hittar du en fil med detaljerad information om vad som ska sorteras som matavfall.&nbsp;<\/p>\n\n\n\n<p class=\"has-text-align-center\">\u00d6vrigt avfalla ska l\u00e4mnas till n\u00e4rmsta milj\u00f6station eller \u00e5tervinningscentral.&nbsp;&nbsp;<br><br><\/p>\n\n\n<div class=\"has-text-align-center wp-block-post-date\"><time datetime=\"2024-09-30T00:28:09+02:00\">30 september, 2024<\/time><\/div>\n\n\n<div style=\"height:65px\" aria-hidden=\"true\" class=\"wp-block-spacer\"><\/div>\n<\/div>\n\n\n\n<div class=\"is-vertical is-content-justification-center is-layout-flex wp-container-4 wp-block-group\">\n<h3 class=\"has-text-align-center\"><strong><em>Bredband<\/em><\/strong><\/h3>\n\n\n\n<p class=\"has-text-align-center\">Fiber finns indraget till l\u00e4genheten. Det g\u00e5r att ta hj\u00e4lp av Open Universe hemsida&nbsp;<a rel=\"noreferrer noopener\" href=\"http:\/\/portalen.openuniverse.se\/\" target=\"_blank\">http:\/\/portalen.openuniverse.se\/<\/a>&nbsp;f\u00f6r att v\u00e4lja bredbandsleverant\u00f6r.<br><br><\/p>\n\n\n<div class=\"has-text-align-center wp-block-post-date\"><time datetime=\"2024-09-30T00:28:09+02:00\">30 september, 2024<\/time><\/div>\n\n\n<div style=\"height:65px\" aria-hidden=\"true\" class=\"wp-block-spacer\"><\/div>\n<\/div>\n\n\n\n<div class=\"is-vertical is-content-justification-center is-layout-flex wp-container-6 wp-block-group\">\n<h3 class=\"has-text-align-center\"><strong><em>Elavtal<\/em><\/strong><\/h3>\n\n\n\n<p class=\"has-text-align-center\">Innan du flyttar in beh\u00f6ver du teckna elavtal f\u00f6r din l\u00e4genhet. Detta g\u00f6r du hos eln\u00e4ts\u00e4garen Sk\u00f6vde Energi senast 2 veckor innan inflyttningsdatumet f\u00f6r att s\u00e4kerst\u00e4lla att elavtalet har b\u00f6rjat g\u00e4lla p\u00e5 inflyttningsdagen.<br>Elhandelsleverant\u00f6ren \u00e4r Billinge Energi om inget annat val g\u00f6rs.<br>Hur du g\u00e5r tillv\u00e4ga och kontaktuppgifter hittar du p\u00e5 Sk\u00f6vde Energis hemsida https:\/\/skovdeenergi.se\/<br><br><\/p>\n\n\n\n<div style=\"height:65px\" aria-hidden=\"true\" class=\"wp-block-spacer\"><\/div>\n\n\n\n<div class=\"is-layout-constrained wp-block-group\"><div class=\"wp-block-group__inner-container\">\n<h3 class=\"has-text-align-center\"><strong><em>Spara p\u00e5 energi<\/em><\/strong><\/h3>\n\n\n\n<p class=\"has-text-align-center\">Onevest AB arbetar aktivt med ett energisparprogram f\u00f6r v\u00e5ra fastigheter, du kan ocks\u00e5 vara med och bidra till en b\u00e4ttre milj\u00f6 genom f\u00f6ljande punkter:<\/p>\n\n\n\n<p class=\"has-text-align-center\">&#8211; Reglera temperaturen med elementen, ist\u00e4llet f\u00f6r att v\u00e4dra ut v\u00e4rme.<br>&#8211; Placera inga m\u00f6bler eller gardiner framf\u00f6r elementen.<br>&#8211; Om kranar och toalettstolar droppar, anm\u00e4l det till oss.<br>&#8211; Byt g\u00e4rna de vanliga gl\u00f6dlamporna mot l\u00e5genergilampor.<br>&#8211; Frosta av kyl och frys regelbundet.<br>&#8211; L\u00e5t inte vatten rinna i on\u00f6dan.<br><br><\/p>\n\n\n<div class=\"has-text-align-center wp-block-post-date\"><time datetime=\"2024-09-30T00:28:09+02:00\">30 september, 2024<\/time><\/div>\n\n\n<div style=\"height:65px\" aria-hidden=\"true\" class=\"wp-block-spacer\"><\/div>\n<\/div><\/div>\n<\/div>\n\n\n\n<div class=\"is-vertical is-content-justification-center is-layout-flex wp-container-7 wp-block-group\">\n<h3><strong><em>Felanm\u00e4lan\u00a0<\/em><\/strong>\u00a0<\/h3>\n\n\n\n<p class=\"has-text-align-center\">Felanm\u00e4lan g\u00f6rs till info@onevestfastigheter.se.\u00a0 I \u00e4mnesraden ska det st\u00e5 &#8221;Felanm\u00e4lan&#8221;. <br>Mailet ska ut\u00f6ver utf\u00f6rlig beskrivning av felanm\u00e4lan inneh\u00e5lla namn, telefonnummer, adress och info om ni l\u00e4mnar tillst\u00e5nd f\u00f6r oss att g\u00e5 in i l\u00e4genheten. <br>Saknas n\u00e5gon information kan handl\u00e4ggningstiden bli l\u00e4ngre.\u00a0<br><br><\/p>\n\n\n<div class=\"wp-block-post-date\"><time datetime=\"2024-09-30T00:28:09+02:00\">30 september, 2024<\/time><\/div>\n\n\n<div style=\"height:65px\" aria-hidden=\"true\" class=\"wp-block-spacer\"><\/div>\n<\/div>\n\n\n\n<div class=\"is-vertical is-content-justification-center is-layout-flex wp-container-8 wp-block-group\">\n<h3 class=\"has-text-align-center\"><strong><em>Hemf\u00f6rs\u00e4kring<\/em><\/strong><\/h3>\n\n\n\n<p class=\"has-text-align-center\">Det \u00e4r viktigt att du tecknar en hemf\u00f6rs\u00e4kring. Onevest AB har fastighetsf\u00f6rs\u00e4kring f\u00f6r samtliga fastigheter men denna t\u00e4cker endast skador p\u00e5 byggnaden. <br>En hemf\u00f6rs\u00e4kring t\u00e4cker din privata egendom om olyckan skulle vara framme samt om du r\u00e5kar skada byggnaden, tex krossat ett f\u00f6nster.<br><br><\/p>\n\n\n<div class=\"wp-block-post-date\"><time datetime=\"2024-09-30T00:28:09+02:00\">30 september, 2024<\/time><\/div>\n\n\n<div style=\"height:65px\" aria-hidden=\"true\" class=\"wp-block-spacer\"><\/div>\n<\/div>\n\n\n\n<div class=\"is-vertical is-content-justification-center is-layout-flex wp-container-9 wp-block-group\">\n<h3 class=\"has-text-align-center\"><em><strong>Hyresavisering<\/strong><\/em><\/h3>\n\n\n\n<p class=\"has-text-align-center\">Runt den 10:de varje m\u00e5nad kommer fakturan att skickas ut till den mail som anv\u00e4ndes vid signering av avtalet. Om du vill f\u00e5 fakturan till en annan mailadress s\u00e5 meddelar du detta till info@onevestfastigheter.se<br>Fakturan f\u00f6rfaller den 30:de varje m\u00e5nad. T\u00e4nk p\u00e5 att \u00e4ven om du inte har f\u00e5tt fakturan s\u00e5 ska du betala hyran i tid. Kontakta oss om du saknar fakturan s\u00e5 att vi kan skicka den p\u00e5 nytt.<br><br><\/p>\n\n\n<div class=\"wp-block-post-date\"><time datetime=\"2024-09-30T00:28:09+02:00\">30 september, 2024<\/time><\/div>\n\n\n<div style=\"height:65px\" aria-hidden=\"true\" class=\"wp-block-spacer\"><\/div>\n<\/div>\n\n\n\n<div class=\"is-vertical is-content-justification-center is-layout-flex wp-container-10 wp-block-group\">\n<h3 class=\"has-text-align-center\"><em><strong>Hyresavtal<\/strong><\/em><\/h3>\n\n\n\n<p class=\"has-text-align-center\">Hyresavtalet har du f\u00e5tt per mail n\u00e4r alla har signerat.<br>Detta \u00e4r en v\u00e4rdehandling och skall sparas p\u00e5 ett s\u00e4kert st\u00e4lle.<br><br><\/p>\n\n\n<div class=\"wp-block-post-date\"><time datetime=\"2024-09-30T00:28:09+02:00\">30 september, 2024<\/time><\/div>\n\n\n<div style=\"height:65px\" aria-hidden=\"true\" class=\"wp-block-spacer\"><\/div>\n<\/div>\n\n\n\n<div class=\"is-vertical is-content-justification-center is-layout-flex wp-container-11 wp-block-group\">\n<h3 class=\"has-text-align-center\"><em><strong>Nycklar<\/strong><\/em><\/h3>\n\n\n\n<p class=\"has-text-align-center\">N\u00e4r du flyttar in kommer du f\u00e5 vanligtvis 3 st nycklar till l\u00e4genheten. Under hyrestiden \u00e4r det inte till\u00e5tet att kopiera upp nya nycklar. <br>Om du \u00e4r i behov av flera nycklar ska du ans\u00f6ka om detta genom mail till info@onevestfastigheter.se N\u00e4r hyresavtalet avslutas skall samtliga nycklar \u00e5terl\u00e4mnas. <br>Om n\u00e5gon nyckel saknas kommer du bli debiterad f\u00f6r l\u00e5sbyte.<br>Onevest AB har alltid en reservnyckel till samtliga l\u00e4genheter.<br>Bifogar finner du en kopia p\u00e5 kvitteringsreglerna.<\/p>\n\n\n\n<p class=\"has-text-align-center\"><br><\/p>\n\n\n<div class=\"wp-block-post-date\"><time datetime=\"2024-08-08T23:49:07+02:00\">8 augusti, 2024<\/time><\/div>\n\n\n<div style=\"height:65px\" aria-hidden=\"true\" class=\"wp-block-spacer\"><\/div>\n<\/div>\n\n\n\n<div class=\"is-vertical is-content-justification-center is-layout-flex wp-container-12 wp-block-group\">\n<h3 class=\"has-text-align-center\"><em><strong>Parkering<\/strong><\/em><\/h3>\n\n\n\n<p class=\"has-text-align-center\">I hyran ig\u00e5r det en asfalterad parkeringsplats per l\u00e4genhet.&nbsp;&nbsp;<\/p>\n\n\n\n<p class=\"has-text-align-center\">Efter \u00f6nskem\u00e5l kan en laddbox installeras mot ett hyrestill\u00e4gg p\u00e5 250 kr. Om du \u00e4r intresserad av detta ska du l\u00e4mna en ans\u00f6kan till&nbsp;info@onevestfastigheter.se&nbsp;<\/p>\n\n\n\n<p class=\"has-text-align-center\">Det finns m\u00f6jlighet att hyra ytterligare parkeringsplats men \u00e4r ett begr\u00e4nsat antal. Skicka en intresseanm\u00e4lan till&nbsp;<strong>info@onevestfastigheter.se<\/strong>&nbsp;f\u00f6r att st\u00e4lla dig i k\u00f6. Hyran \u00e4r 400 kr.<\/p>\n\n\n\n<p class=\"has-text-align-center\">Fastighets\u00e4garen tillhandah\u00e5ller inga g\u00e4stparkeringar.<br><br><\/p>\n\n\n<div class=\"wp-block-post-date\"><time datetime=\"2024-09-30T00:28:09+02:00\">30 september, 2024<\/time><\/div>\n\n\n<div style=\"height:65px\" aria-hidden=\"true\" class=\"wp-block-spacer\"><\/div>\n<\/div>\n\n\n\n<div class=\"is-vertical is-content-justification-center is-layout-flex wp-container-13 wp-block-group\">\n<h3 class=\"has-text-align-center\"><strong><em>Upps\u00e4gning\u00a0<\/em><\/strong><\/h3>\n\n\n\n<p class=\"has-text-align-center\">Upps\u00e4gningstid g\u00f6rs till info@onevestfastigher.se\u00a0<br>Det \u00e4r oftast 3 m\u00e5naders upps\u00e4gningstid r\u00e4knat fr\u00e5n n\u00e4stkommande m\u00e5nadsskifte.\u00a0<br>Om man \u00e4r intresserad av att l\u00e4mna l\u00e4genheten tidigare kan man sj\u00e4lvklart uppge det i sin upps\u00e4gning <br>men blir endast beviljat om det matchar med ny hyresg\u00e4st.\u00a0<br><br><\/p>\n\n\n<div class=\"has-text-align-center wp-block-post-date\"><time datetime=\"2024-09-30T00:28:09+02:00\">30 september, 2024<\/time><\/div>\n\n\n<div style=\"height:65px\" aria-hidden=\"true\" class=\"wp-block-spacer\"><\/div>\n<\/div>\n\n\n\n<div class=\"is-vertical is-content-justification-center is-layout-flex wp-container-14 wp-block-group\">\n<h3 class=\"has-text-align-center\"><strong><em>Utemilj\u00f6<\/em><\/strong><\/h3>\n\n\n\n<p class=\"has-text-align-center\">Det \u00e5ligger hyresg\u00e4sten att ansvara f\u00f6r sk\u00f6tsel av l\u00e4genhetens tillh\u00f6rande gr\u00e4smatta. Till detta kommer det finnas ett par gr\u00e4sklippare att l\u00e5na i servicehuset. <br>Innan gr\u00e4sklipparen st\u00e4lls tillbaka ska den spolas av s\u00e5 att den \u00e4r ren till n\u00e4sta anv\u00e4ndare. &nbsp;<br>Grillning f\u00e5r ej ske under balkongen p\u00e5 grund av brandrisken. T\u00e4nk p\u00e5 att visa h\u00e4nsyn till grannarna och f\u00f6rs\u00f6k att undvika att r\u00f6ken kommer in i deras l\u00e4genheter.<br>R\u00f6kning p\u00e5 balkong och uteplats f\u00e5r endast ske om det inte st\u00f6r grannarna boendemilj\u00f6.<br>Odlingsl\u00e5dor g\u00e5r bra att st\u00e4lla p\u00e5 gr\u00e4smattan men vid utflytt kan ni beh\u00f6va ta bort dessa och \u00e5terst\u00e4lla gr\u00e4smattan om Onevest beg\u00e4r det.<br>Staket f\u00e5r s\u00e4ttas upp runt gr\u00e4smattan efter att Onevest skriftligt har godk\u00e4nt staketets utformning.<br>Sn\u00f6r\u00f6jningen av parkering samt g\u00e5ngv\u00e4gar anpassas efter olika faktorer som m\u00e4ngden sn\u00f6, om den \u00e4r torr eller bl\u00f6t samt olika v\u00e4derf\u00f6rh\u00e5llanden. Ibland kan vi v\u00e4nta till det sn\u00f6at f\u00e4rdigt innan skottning p\u00e5b\u00f6rjas.<br><br><\/p>\n\n\n<div class=\"wp-block-post-date\"><time datetime=\"2024-09-30T00:28:09+02:00\">30 september, 2024<\/time><\/div>\n\n\n<div style=\"height:65px\" aria-hidden=\"true\" class=\"wp-block-spacer\"><\/div>\n<\/div>\n\n\n\n<div class=\"is-vertical is-content-justification-center is-layout-flex wp-container-15 wp-block-group\">\n<h3 class=\"has-text-align-center\"><strong><em>Uthyrning i andrahand<\/em><\/strong><\/h3>\n\n\n\n<p class=\"has-text-align-center\">F\u00f6r uthyrning i andrahand kr\u00e4vs tillst\u00e5nd fr\u00e5n hyresv\u00e4rden eller hyresn\u00e4mnden. <br>Vid olovlig uthyrning kommer hyresavtalet att s\u00e4ga upp.&nbsp;<br><br><\/p>\n\n\n<div class=\"wp-block-post-date\"><time datetime=\"2024-08-08T23:49:07+02:00\">8 augusti, 2024<\/time><\/div>\n\n\n<div style=\"height:65px\" aria-hidden=\"true\" class=\"wp-block-spacer\"><\/div>\n<\/div>\n","protected":false},"excerpt":{"rendered":"<p>BoBoken H\u00e4r hittar du som \u00e4r hyresg\u00e4st hos oss information som \u00e4r bra f\u00f6r dig att k\u00e4nna till. Adress\u00e4ndring Enligt folkbokf\u00f6ringslagen \u00e4r det krav p\u00e5 att vara folkbokf\u00f6rd p\u00e5 den adress man bor stadigvarande. Det \u00e4r d\u00e4rf\u00f6r mycket viktigt att du \u00e4ndra folkbokf\u00f6ringsadress hos Skatteverket vilket du g\u00f6r p\u00e5&nbsp;www.skatteverket.se F\u00f6r att inte riskera att missa [&hellip;]<\/p>\n","protected":false},"author":1,"featured_media":0,"parent":0,"menu_order":0,"comment_status":"closed","ping_status":"closed","template":"","meta":{"_et_pb_use_builder":"on","_et_pb_old_content":"<!-- wp:paragraph -->\n<p>H\u00e4r hittar du som \u00e4r hyresg\u00e4st hos oss information som \u00e4r bra f\u00f6r dig att k\u00e4nna till. <\/p>\n<!-- \/wp:paragraph -->\n\n<!-- wp:paragraph -->\n<p><\/p>\n<!-- \/wp:paragraph -->"},"_links":{"self":[{"href":"https:\/\/www.onevestfastigheter.se\/index.php?rest_route=\/wp\/v2\/pages\/115"}],"collection":[{"href":"https:\/\/www.onevestfastigheter.se\/index.php?rest_route=\/wp\/v2\/pages"}],"about":[{"href":"https:\/\/www.onevestfastigheter.se\/index.php?rest_route=\/wp\/v2\/types\/page"}],"author":[{"embeddable":true,"href":"https:\/\/www.onevestfastigheter.se\/index.php?rest_route=\/wp\/v2\/users\/1"}],"replies":[{"embeddable":true,"href":"https:\/\/www.onevestfastigheter.se\/index.php?rest_route=%2Fwp%2Fv2%2Fcomments&post=115"}],"version-history":[{"count":25,"href":"https:\/\/www.onevestfastigheter.se\/index.php?rest_route=\/wp\/v2\/pages\/115\/revisions"}],"predecessor-version":[{"id":168,"href":"https:\/\/www.onevestfastigheter.se\/index.php?rest_route=\/wp\/v2\/pages\/115\/revisions\/168"}],"wp:attachment":[{"href":"https:\/\/www.onevestfastigheter.se\/index.php?rest_route=%2Fwp%2Fv2%2Fmedia&parent=115"}],"curies":[{"name":"wp","href":"https:\/\/api.w.org\/{rel}","templated":true}]}}